{"id":2151,"date":"2025-06-18T22:25:12","date_gmt":"2025-06-18T20:25:12","guid":{"rendered":"https:\/\/www.leventezsiros.com\/shows\/"},"modified":"2026-06-08T16:07:03","modified_gmt":"2026-06-08T14:07:03","slug":"concerts","status":"publish","type":"page","link":"https:\/\/www.leventezsiros.com\/hu\/concerts\/","title":{"rendered":"Concerts"},"content":{"rendered":"<div data-elementor-type=\"wp-page\" data-elementor-id=\"2151\" class=\"elementor elementor-2151\">\n\t\t\t\t<div class=\"elementor-element elementor-element-786beb0 e-con-full e-flex e-con e-parent\" data-id=\"786beb0\" data-element_type=\"container\" data-e-type=\"container\">\n\t\t<div class=\"elementor-element elementor-element-890bbcc e-con-full e-flex e-con e-child\" data-id=\"890bbcc\" data-element_type=\"container\" data-e-type=\"container\" data-settings=\"{&quot;background_background&quot;:&quot;classic&quot;,&quot;shape_divider_bottom&quot;:&quot;tilt&quot;}\">\n\t\t\t\t<div class=\"elementor-shape elementor-shape-bottom\" aria-hidden=\"true\" data-negative=\"false\">\n\t\t\t<svg xmlns=\"http:\/\/www.w3.org\/2000\/svg\" viewbox=\"0 0 1000 100\" preserveaspectratio=\"none\">\n\t<path class=\"elementor-shape-fill\" d=\"M0,6V0h1000v100L0,6z\"\/>\n<\/svg>\t\t<\/div>\n\t\t<div class=\"elementor-element elementor-element-8d70e76 e-flex e-con-boxed e-con e-child\" data-id=\"8d70e76\" data-element_type=\"container\" data-e-type=\"container\">\n\t\t\t\t\t<div class=\"e-con-inner\">\n\t\t\t\t<div class=\"elementor-element elementor-element-9d5b3dd elementor-widget elementor-widget-icon-box\" data-id=\"9d5b3dd\" data-element_type=\"widget\" data-e-type=\"widget\" data-widget_type=\"icon-box.default\">\n\t\t\t\t<div class=\"elementor-widget-container\">\n\t\t\t\t\t\t\t<div class=\"elementor-icon-box-wrapper\">\n\n\t\t\t\n\t\t\t\t\t\t<div class=\"elementor-icon-box-content\">\n\n\t\t\t\t\t\t\t\t\t<h1 class=\"elementor-icon-box-title\">\n\t\t\t\t\t\t<span  >\n\t\t\t\t\t\t\tk\u00f6vetkez\u0151 fell\u00e9p\u00e9sek\t\t\t\t\t\t<\/span>\n\t\t\t\t\t<\/h1>\n\t\t\t\t\n\t\t\t\t\n\t\t\t<\/div>\n\t\t\t\n\t\t<\/div>\n\t\t\t\t\t\t<\/div>\n\t\t\t\t<\/div>\n\t\t\t\t\t<\/div>\n\t\t\t\t<\/div>\n\t\t\t\t<\/div>\n\t\t\t\t<\/div>\n\t\t<div class=\"elementor-element elementor-element-e131074 e-flex e-con-boxed e-con e-parent\" data-id=\"e131074\" data-element_type=\"container\" data-e-type=\"container\" data-settings=\"{&quot;background_background&quot;:&quot;classic&quot;}\">\n\t\t\t\t\t<div class=\"e-con-inner\">\n\t\t<div class=\"elementor-element elementor-element-8381cd1 e-con-full e-flex e-con e-child\" data-id=\"8381cd1\" data-element_type=\"container\" data-e-type=\"container\" data-settings=\"{&quot;background_background&quot;:&quot;classic&quot;}\">\n\t\t<div class=\"elementor-element elementor-element-88de760 e-con-full e-flex e-con e-child\" data-id=\"88de760\" data-element_type=\"container\" data-e-type=\"container\">\n\t\t<div class=\"elementor-element elementor-element-885c1be e-con-full e-flex e-con e-child\" data-id=\"885c1be\" data-element_type=\"container\" data-e-type=\"container\">\n\t\t<div class=\"elementor-element elementor-element-fb39afb e-con-full e-flex e-con e-child\" data-id=\"fb39afb\" data-element_type=\"container\" data-e-type=\"container\">\n\t\t\t\t<div class=\"elementor-element elementor-element-7c240b8 elementor-widget elementor-widget-heading\" data-id=\"7c240b8\" data-element_type=\"widget\" data-e-type=\"widget\" data-widget_type=\"heading.default\">\n\t\t\t\t<div class=\"elementor-widget-container\">\n\t\t\t\t\t<h5 class=\"elementor-heading-title elementor-size-default\">26\/09\/23  9:00<\/h5>\t\t\t\t<\/div>\n\t\t\t\t<\/div>\n\t\t\t\t<\/div>\n\t\t<div class=\"elementor-element elementor-element-a2db309 e-con-full e-flex e-con e-child\" data-id=\"a2db309\" data-element_type=\"container\" data-e-type=\"container\">\n\t\t\t\t<div class=\"elementor-element elementor-element-e75472b elementor-widget__width-initial elementor-widget elementor-widget-heading\" data-id=\"e75472b\" data-element_type=\"widget\" data-e-type=\"widget\" data-widget_type=\"heading.default\">\n\t\t\t\t<div class=\"elementor-widget-container\">\n\t\t\t\t\t<h6 class=\"elementor-heading-title elementor-size-default\">Budapest,<br>Szent Istv\u00e1n Zeneh\u00e1z<\/h6>\t\t\t\t<\/div>\n\t\t\t\t<\/div>\n\t\t\t\t<\/div>\n\t\t<div class=\"elementor-element elementor-element-fea19c7 e-con-full e-flex e-con e-child\" data-id=\"fea19c7\" data-element_type=\"container\" data-e-type=\"container\">\n\t\t\t\t<div class=\"elementor-element elementor-element-d4ceeeb elementor-widget elementor-widget-heading\" data-id=\"d4ceeeb\" data-element_type=\"widget\" data-e-type=\"widget\" data-widget_type=\"heading.default\">\n\t\t\t\t<div class=\"elementor-widget-container\">\n\t\t\t\t\t<h6 class=\"elementor-heading-title elementor-size-default\">Ifj\u00fas\u00e1gi koncert a Szent Istv\u00e1n Filharmonikusok k\u00f6zrem\u0171k\u00f6d\u00e9s\u00e9vel<\/h6>\t\t\t\t<\/div>\n\t\t\t\t<\/div>\n\t\t\t\t<\/div>\n\t\t\t\t<div class=\"elementor-element elementor-element-0245a6f elementor-align-center elementor-mobile-align-left elementor-hidden-desktop elementor-hidden-tablet elementor-hidden-mobile elementor-widget elementor-widget-button\" data-id=\"0245a6f\" data-element_type=\"widget\" data-e-type=\"widget\" data-widget_type=\"button.default\">\n\t\t\t\t<div class=\"elementor-widget-container\">\n\t\t\t\t\t\t\t\t\t<div class=\"elementor-button-wrapper\">\n\t\t\t\t\t<a class=\"elementor-button elementor-size-sm\" role=\"button\">\n\t\t\t\t\t\t<span class=\"elementor-button-content-wrapper\">\n\t\t\t\t\t\t\t\t\t<span class=\"elementor-button-text\">R\u00e9szletek<\/span>\n\t\t\t\t\t<\/span>\n\t\t\t\t\t<\/a>\n\t\t\t\t<\/div>\n\t\t\t\t\t\t\t\t<\/div>\n\t\t\t\t<\/div>\n\t\t\t\t<\/div>\n\t\t\t\t<\/div>\n\t\t\t\t<\/div>\n\t\t<div class=\"elementor-element elementor-element-f740342 e-con-full e-flex e-con e-child\" data-id=\"f740342\" data-element_type=\"container\" data-e-type=\"container\" data-settings=\"{&quot;background_background&quot;:&quot;classic&quot;}\">\n\t\t<div class=\"elementor-element elementor-element-6585b5f e-con-full e-flex e-con e-child\" data-id=\"6585b5f\" data-element_type=\"container\" data-e-type=\"container\">\n\t\t<div class=\"elementor-element elementor-element-849fc78 e-con-full e-flex e-con e-child\" data-id=\"849fc78\" data-element_type=\"container\" data-e-type=\"container\">\n\t\t<div class=\"elementor-element elementor-element-1ca2d69 e-con-full e-flex e-con e-child\" data-id=\"1ca2d69\" data-element_type=\"container\" data-e-type=\"container\">\n\t\t\t\t<div class=\"elementor-element elementor-element-cfdad4a elementor-widget elementor-widget-heading\" data-id=\"cfdad4a\" data-element_type=\"widget\" data-e-type=\"widget\" data-widget_type=\"heading.default\">\n\t\t\t\t<div class=\"elementor-widget-container\">\n\t\t\t\t\t<h5 class=\"elementor-heading-title elementor-size-default\">26\/09\/24  9:00<\/h5>\t\t\t\t<\/div>\n\t\t\t\t<\/div>\n\t\t\t\t<\/div>\n\t\t<div class=\"elementor-element elementor-element-e7aed48 e-con-full e-flex e-con e-child\" data-id=\"e7aed48\" data-element_type=\"container\" data-e-type=\"container\">\n\t\t\t\t<div class=\"elementor-element elementor-element-a42e6bd elementor-widget__width-initial elementor-widget elementor-widget-heading\" data-id=\"a42e6bd\" data-element_type=\"widget\" data-e-type=\"widget\" data-widget_type=\"heading.default\">\n\t\t\t\t<div class=\"elementor-widget-container\">\n\t\t\t\t\t<h6 class=\"elementor-heading-title elementor-size-default\">Budapest,<br>Szent Istv\u00e1n Zeneh\u00e1z<\/h6>\t\t\t\t<\/div>\n\t\t\t\t<\/div>\n\t\t\t\t<\/div>\n\t\t<div class=\"elementor-element elementor-element-fef04a8 e-con-full e-flex e-con e-child\" data-id=\"fef04a8\" data-element_type=\"container\" data-e-type=\"container\">\n\t\t\t\t<div class=\"elementor-element elementor-element-733c8cd elementor-widget elementor-widget-heading\" data-id=\"733c8cd\" data-element_type=\"widget\" data-e-type=\"widget\" data-widget_type=\"heading.default\">\n\t\t\t\t<div class=\"elementor-widget-container\">\n\t\t\t\t\t<h6 class=\"elementor-heading-title elementor-size-default\">Ifj\u00fas\u00e1gi koncert a Szent Istv\u00e1n Filharmonikusok k\u00f6zrem\u0171k\u00f6d\u00e9s\u00e9vel<\/h6>\t\t\t\t<\/div>\n\t\t\t\t<\/div>\n\t\t\t\t<\/div>\n\t\t\t\t<div class=\"elementor-element elementor-element-2c6a965 elementor-align-center elementor-mobile-align-left elementor-hidden-desktop elementor-hidden-tablet elementor-hidden-mobile elementor-widget elementor-widget-button\" data-id=\"2c6a965\" data-element_type=\"widget\" data-e-type=\"widget\" data-widget_type=\"button.default\">\n\t\t\t\t<div class=\"elementor-widget-container\">\n\t\t\t\t\t\t\t\t\t<div class=\"elementor-button-wrapper\">\n\t\t\t\t\t<a class=\"elementor-button elementor-size-sm\" role=\"button\">\n\t\t\t\t\t\t<span class=\"elementor-button-content-wrapper\">\n\t\t\t\t\t\t\t\t\t<span class=\"elementor-button-text\">R\u00e9szletek<\/span>\n\t\t\t\t\t<\/span>\n\t\t\t\t\t<\/a>\n\t\t\t\t<\/div>\n\t\t\t\t\t\t\t\t<\/div>\n\t\t\t\t<\/div>\n\t\t\t\t<\/div>\n\t\t\t\t<\/div>\n\t\t\t\t<\/div>\n\t\t<div class=\"elementor-element elementor-element-b36387e e-con-full e-flex e-con e-child\" data-id=\"b36387e\" data-element_type=\"container\" data-e-type=\"container\" data-settings=\"{&quot;background_background&quot;:&quot;classic&quot;}\">\n\t\t<div class=\"elementor-element elementor-element-ac2f8b7 e-con-full e-flex e-con e-child\" data-id=\"ac2f8b7\" data-element_type=\"container\" data-e-type=\"container\">\n\t\t<div class=\"elementor-element elementor-element-00e9144 e-con-full e-flex e-con e-child\" data-id=\"00e9144\" data-element_type=\"container\" data-e-type=\"container\">\n\t\t<div class=\"elementor-element elementor-element-99cf89c e-con-full e-flex e-con e-child\" data-id=\"99cf89c\" data-element_type=\"container\" data-e-type=\"container\">\n\t\t\t\t<div class=\"elementor-element elementor-element-c1a7ba0 elementor-widget elementor-widget-heading\" data-id=\"c1a7ba0\" data-element_type=\"widget\" data-e-type=\"widget\" data-widget_type=\"heading.default\">\n\t\t\t\t<div class=\"elementor-widget-container\">\n\t\t\t\t\t<h5 class=\"elementor-heading-title elementor-size-default\">26\/10\/14  9:00<\/h5>\t\t\t\t<\/div>\n\t\t\t\t<\/div>\n\t\t\t\t<\/div>\n\t\t<div class=\"elementor-element elementor-element-c4d1f4a e-con-full e-flex e-con e-child\" data-id=\"c4d1f4a\" data-element_type=\"container\" data-e-type=\"container\">\n\t\t\t\t<div class=\"elementor-element elementor-element-fa9ab7d elementor-widget__width-initial elementor-widget elementor-widget-heading\" data-id=\"fa9ab7d\" data-element_type=\"widget\" data-e-type=\"widget\" data-widget_type=\"heading.default\">\n\t\t\t\t<div class=\"elementor-widget-container\">\n\t\t\t\t\t<h6 class=\"elementor-heading-title elementor-size-default\">Budapest,<br>Erzs\u00e9betligeti sz\u00ednh\u00e1z<\/h6>\t\t\t\t<\/div>\n\t\t\t\t<\/div>\n\t\t\t\t<\/div>\n\t\t<div class=\"elementor-element elementor-element-0594a40 e-con-full e-flex e-con e-child\" data-id=\"0594a40\" data-element_type=\"container\" data-e-type=\"container\">\n\t\t\t\t<div class=\"elementor-element elementor-element-325650f elementor-widget elementor-widget-heading\" data-id=\"325650f\" data-element_type=\"widget\" data-e-type=\"widget\" data-widget_type=\"heading.default\">\n\t\t\t\t<div class=\"elementor-widget-container\">\n\t\t\t\t\t<h6 class=\"elementor-heading-title elementor-size-default\">Ifj\u00fas\u00e1gi koncert a Szent Istv\u00e1n Filharmonikusok k\u00f6zrem\u0171k\u00f6d\u00e9s\u00e9vel<\/h6>\t\t\t\t<\/div>\n\t\t\t\t<\/div>\n\t\t\t\t<\/div>\n\t\t\t\t<div class=\"elementor-element elementor-element-2e8fda0 elementor-align-center elementor-mobile-align-left elementor-hidden-desktop elementor-hidden-tablet elementor-hidden-mobile elementor-widget elementor-widget-button\" data-id=\"2e8fda0\" data-element_type=\"widget\" data-e-type=\"widget\" data-widget_type=\"button.default\">\n\t\t\t\t<div class=\"elementor-widget-container\">\n\t\t\t\t\t\t\t\t\t<div class=\"elementor-button-wrapper\">\n\t\t\t\t\t<a class=\"elementor-button elementor-size-sm\" role=\"button\">\n\t\t\t\t\t\t<span class=\"elementor-button-content-wrapper\">\n\t\t\t\t\t\t\t\t\t<span class=\"elementor-button-text\">R\u00e9szletek<\/span>\n\t\t\t\t\t<\/span>\n\t\t\t\t\t<\/a>\n\t\t\t\t<\/div>\n\t\t\t\t\t\t\t\t<\/div>\n\t\t\t\t<\/div>\n\t\t\t\t<\/div>\n\t\t\t\t<\/div>\n\t\t\t\t<\/div>\n\t\t<div class=\"elementor-element elementor-element-0be43cf e-con-full e-flex e-con e-child\" data-id=\"0be43cf\" data-element_type=\"container\" data-e-type=\"container\" data-settings=\"{&quot;background_background&quot;:&quot;classic&quot;}\">\n\t\t<div class=\"elementor-element elementor-element-ffff0c6 e-con-full e-flex e-con e-child\" data-id=\"ffff0c6\" data-element_type=\"container\" data-e-type=\"container\">\n\t\t<div class=\"elementor-element elementor-element-778911c e-con-full e-flex e-con e-child\" data-id=\"778911c\" data-element_type=\"container\" data-e-type=\"container\">\n\t\t<div class=\"elementor-element elementor-element-33b8473 e-con-full e-flex e-con e-child\" data-id=\"33b8473\" data-element_type=\"container\" data-e-type=\"container\">\n\t\t\t\t<div class=\"elementor-element elementor-element-b0411f1 elementor-widget elementor-widget-heading\" data-id=\"b0411f1\" data-element_type=\"widget\" data-e-type=\"widget\" data-widget_type=\"heading.default\">\n\t\t\t\t<div class=\"elementor-widget-container\">\n\t\t\t\t\t<h5 class=\"elementor-heading-title elementor-size-default\">26\/11\/18  9:00<\/h5>\t\t\t\t<\/div>\n\t\t\t\t<\/div>\n\t\t\t\t<\/div>\n\t\t<div class=\"elementor-element elementor-element-601aad1 e-con-full e-flex e-con e-child\" data-id=\"601aad1\" data-element_type=\"container\" data-e-type=\"container\">\n\t\t\t\t<div class=\"elementor-element elementor-element-22782ea elementor-widget__width-initial elementor-widget elementor-widget-heading\" data-id=\"22782ea\" data-element_type=\"widget\" data-e-type=\"widget\" data-widget_type=\"heading.default\">\n\t\t\t\t<div class=\"elementor-widget-container\">\n\t\t\t\t\t<h6 class=\"elementor-heading-title elementor-size-default\">Budapest,<br>J\u00f3zsef Attila M\u0171vel\u0151d\u00e9si K\u00f6zpont<\/h6>\t\t\t\t<\/div>\n\t\t\t\t<\/div>\n\t\t\t\t<\/div>\n\t\t<div class=\"elementor-element elementor-element-35076c9 e-con-full e-flex e-con e-child\" data-id=\"35076c9\" data-element_type=\"container\" data-e-type=\"container\">\n\t\t\t\t<div class=\"elementor-element elementor-element-672aa1e elementor-widget elementor-widget-heading\" data-id=\"672aa1e\" data-element_type=\"widget\" data-e-type=\"widget\" data-widget_type=\"heading.default\">\n\t\t\t\t<div class=\"elementor-widget-container\">\n\t\t\t\t\t<h6 class=\"elementor-heading-title elementor-size-default\">Ifj\u00fas\u00e1gi koncert a Szent Istv\u00e1n Filharmonikusok k\u00f6zrem\u0171k\u00f6d\u00e9s\u00e9vel<\/h6>\t\t\t\t<\/div>\n\t\t\t\t<\/div>\n\t\t\t\t<\/div>\n\t\t\t\t<div class=\"elementor-element elementor-element-fb0baf6 elementor-align-center elementor-mobile-align-left elementor-hidden-desktop elementor-hidden-tablet elementor-hidden-mobile elementor-widget elementor-widget-button\" data-id=\"fb0baf6\" data-element_type=\"widget\" data-e-type=\"widget\" data-widget_type=\"button.default\">\n\t\t\t\t<div class=\"elementor-widget-container\">\n\t\t\t\t\t\t\t\t\t<div class=\"elementor-button-wrapper\">\n\t\t\t\t\t<a class=\"elementor-button elementor-size-sm\" role=\"button\">\n\t\t\t\t\t\t<span class=\"elementor-button-content-wrapper\">\n\t\t\t\t\t\t\t\t\t<span class=\"elementor-button-text\">R\u00e9szletek<\/span>\n\t\t\t\t\t<\/span>\n\t\t\t\t\t<\/a>\n\t\t\t\t<\/div>\n\t\t\t\t\t\t\t\t<\/div>\n\t\t\t\t<\/div>\n\t\t\t\t<\/div>\n\t\t\t\t<\/div>\n\t\t\t\t<\/div>\n\t\t\t\t\t<\/div>\n\t\t\t\t<\/div>\n\t\t<div class=\"elementor-element elementor-element-8233b80 e-flex e-con-boxed e-con e-parent\" data-id=\"8233b80\" data-element_type=\"container\" data-e-type=\"container\">\n\t\t\t\t\t<div class=\"e-con-inner\">\n\t\t<div class=\"elementor-element elementor-element-a96260f e-con-full e-flex e-con e-child\" data-id=\"a96260f\" data-element_type=\"container\" data-e-type=\"container\">\n\t\t\t\t<\/div>\n\t\t\t\t\t<\/div>\n\t\t\t\t<\/div>\n\t\t\t\t<\/div>","protected":false},"excerpt":{"rendered":"<p>upcoming concerts 23\/09\/26 9AM Budapest,Szent Istv\u00e1n zeneh\u00e1z Youth Concert with the Szent Istv\u00e1n Philharmonic Orchestra More Info 24\/09\/26 9AM Budapest,Szent Istv\u00e1n zeneh\u00e1z Youth Concert with the Szent Istv\u00e1n Philharmonic Orchestra More Info 14\/10\/26 9AM Budapest,Erzs\u00e9betliget Theatre Youth Concert with the Szent Istv\u00e1n Philharmonic Orchestra More Info 18\/11\/26 9AM Budapest,J\u00f3zsef Attila Cultural Centre Youth Concert with [&hellip;]<\/p>\n","protected":false},"author":1,"featured_media":0,"parent":0,"menu_order":0,"comment_status":"closed","ping_status":"closed","template":"","meta":{"site-sidebar-layout":"no-sidebar","site-content-layout":"page-builder","ast-site-content-layout":"full-width-container","site-content-style":"unboxed","site-sidebar-style":"unboxed","ast-global-header-display":"","ast-banner-title-visibility":"","ast-main-header-display":"","ast-hfb-above-header-display":"","ast-hfb-below-header-display":"","ast-hfb-mobile-header-display":"","site-post-title":"disabled","ast-breadcrumbs-content":"disabled","ast-featured-img":"disabled","footer-sml-layout":"","theme-transparent-header-meta":"enabled","adv-header-id-meta":"","stick-header-meta":"","header-above-stick-meta":"","header-main-stick-meta":"","header-below-stick-meta":"","astra-migrate-meta-layouts":"set","ast-page-background-enabled":"default","ast-page-background-meta":{"desktop":{"background-color":"","background-image":"","background-repeat":"repeat","background-position":"center center","background-size":"auto","background-attachment":"scroll","background-type":"","background-media":"","overlay-type":"","overlay-color":"","overlay-opacity":"","overlay-gradient":""},"tablet":{"background-color":"","background-image":"","background-repeat":"repeat","background-position":"center center","background-size":"auto","background-attachment":"scroll","background-type":"","background-media":"","overlay-type":"","overlay-color":"","overlay-opacity":"","overlay-gradient":""},"mobile":{"background-color":"","background-image":"","background-repeat":"repeat","background-position":"center center","background-size":"auto","background-attachment":"scroll","background-type":"","background-media":"","overlay-type":"","overlay-color":"","overlay-opacity":"","overlay-gradient":""}},"ast-content-background-meta":{"desktop":{"background-color":"var(--ast-global-color-5)","background-image":"","background-repeat":"repeat","background-position":"center center","background-size":"auto","background-attachment":"scroll","background-type":"","background-media":"","overlay-type":"","overlay-color":"","overlay-opacity":"","overlay-gradient":""},"tablet":{"background-color":"var(--ast-global-color-5)","background-image":"","background-repeat":"repeat","background-position":"center center","background-size":"auto","background-attachment":"scroll","background-type":"","background-media":"","overlay-type":"","overlay-color":"","overlay-opacity":"","overlay-gradient":""},"mobile":{"background-color":"var(--ast-global-color-5)","background-image":"","background-repeat":"repeat","background-position":"center center","background-size":"auto","background-attachment":"scroll","background-type":"","background-media":"","overlay-type":"","overlay-color":"","overlay-opacity":"","overlay-gradient":""}},"footnotes":""},"class_list":["post-2151","page","type-page","status-publish","hentry"],"aioseo_notices":[],"aioseo_head":"\n\t\t<!-- All in One SEO 4.9.10 - aioseo.com -->\n\t<meta name=\"description\" content=\"upcoming concerts 23\/09\/26 9AM Budapest,Szent Istv\u00e1n zeneh\u00e1z Youth Concert with the Szent Istv\u00e1n Philharmonic Orchestra More Info 24\/09\/26 9AM Budapest,Szent Istv\u00e1n zeneh\u00e1z Youth Concert with the Szent Istv\u00e1n Philharmonic Orchestra More Info 14\/10\/26 9AM Budapest,Erzs\u00e9betliget Theatre Youth Concert with the Szent Istv\u00e1n Philharmonic Orchestra More Info 18\/11\/26 9AM Budapest,J\u00f3zsef Attila Cultural Centre Youth Concert with\" \/>\n\t<meta name=\"robots\" content=\"max-image-preview:large\" \/>\n\t<link rel=\"canonical\" href=\"https:\/\/www.leventezsiros.com\/hu\/concerts\/\" \/>\n\t<meta name=\"generator\" content=\"All in One SEO (AIOSEO) 4.9.10\" \/>\n\t\t<meta property=\"og:locale\" content=\"hu_HU\" \/>\n\t\t<meta property=\"og:site_name\" content=\"Levente Zsiros -\" \/>\n\t\t<meta property=\"og:type\" content=\"article\" \/>\n\t\t<meta property=\"og:title\" content=\"Concerts - Levente Zsiros\" \/>\n\t\t<meta property=\"og:description\" content=\"upcoming concerts 23\/09\/26 9AM Budapest,Szent Istv\u00e1n zeneh\u00e1z Youth Concert with the Szent Istv\u00e1n Philharmonic Orchestra More Info 24\/09\/26 9AM Budapest,Szent Istv\u00e1n zeneh\u00e1z Youth Concert with the Szent Istv\u00e1n Philharmonic Orchestra More Info 14\/10\/26 9AM Budapest,Erzs\u00e9betliget Theatre Youth Concert with the Szent Istv\u00e1n Philharmonic Orchestra More Info 18\/11\/26 9AM Budapest,J\u00f3zsef Attila Cultural Centre Youth Concert with\" \/>\n\t\t<meta property=\"og:url\" content=\"https:\/\/www.leventezsiros.com\/hu\/concerts\/\" \/>\n\t\t<meta property=\"article:published_time\" content=\"2025-06-18T20:25:12+00:00\" \/>\n\t\t<meta property=\"article:modified_time\" content=\"2026-06-08T14:07:03+00:00\" \/>\n\t\t<meta name=\"twitter:card\" content=\"summary_large_image\" \/>\n\t\t<meta name=\"twitter:title\" content=\"Concerts - Levente Zsiros\" \/>\n\t\t<meta name=\"twitter:description\" content=\"upcoming concerts 23\/09\/26 9AM Budapest,Szent Istv\u00e1n zeneh\u00e1z Youth Concert with the Szent Istv\u00e1n Philharmonic Orchestra More Info 24\/09\/26 9AM Budapest,Szent Istv\u00e1n zeneh\u00e1z Youth Concert with the Szent Istv\u00e1n Philharmonic Orchestra More Info 14\/10\/26 9AM Budapest,Erzs\u00e9betliget Theatre Youth Concert with the Szent Istv\u00e1n Philharmonic Orchestra More Info 18\/11\/26 9AM Budapest,J\u00f3zsef Attila Cultural Centre Youth Concert with\" \/>\n\t\t<script type=\"application\/ld+json\" class=\"aioseo-schema\">\n\t\t\t{\"@context\":\"https:\\\/\\\/schema.org\",\"@graph\":[{\"@type\":\"BreadcrumbList\",\"@id\":\"https:\\\/\\\/www.leventezsiros.com\\\/hu\\\/concerts\\\/#breadcrumblist\",\"itemListElement\":[{\"@type\":\"ListItem\",\"@id\":\"https:\\\/\\\/www.leventezsiros.com\\\/hu#listItem\",\"position\":1,\"name\":\"Home\",\"item\":\"https:\\\/\\\/www.leventezsiros.com\\\/hu\",\"nextItem\":{\"@type\":\"ListItem\",\"@id\":\"https:\\\/\\\/www.leventezsiros.com\\\/hu\\\/concerts\\\/#listItem\",\"name\":\"Concerts\"}},{\"@type\":\"ListItem\",\"@id\":\"https:\\\/\\\/www.leventezsiros.com\\\/hu\\\/concerts\\\/#listItem\",\"position\":2,\"name\":\"Concerts\",\"previousItem\":{\"@type\":\"ListItem\",\"@id\":\"https:\\\/\\\/www.leventezsiros.com\\\/hu#listItem\",\"name\":\"Home\"}}]},{\"@type\":\"Organization\",\"@id\":\"https:\\\/\\\/www.leventezsiros.com\\\/hu\\\/#organization\",\"name\":\"Levente Zsiros\",\"url\":\"https:\\\/\\\/www.leventezsiros.com\\\/hu\\\/\"},{\"@type\":\"WebPage\",\"@id\":\"https:\\\/\\\/www.leventezsiros.com\\\/hu\\\/concerts\\\/#webpage\",\"url\":\"https:\\\/\\\/www.leventezsiros.com\\\/hu\\\/concerts\\\/\",\"name\":\"Concerts - Levente Zsiros\",\"description\":\"upcoming concerts 23\\\/09\\\/26 9AM Budapest,Szent Istv\\u00e1n zeneh\\u00e1z Youth Concert with the Szent Istv\\u00e1n Philharmonic Orchestra More Info 24\\\/09\\\/26 9AM Budapest,Szent Istv\\u00e1n zeneh\\u00e1z Youth Concert with the Szent Istv\\u00e1n Philharmonic Orchestra More Info 14\\\/10\\\/26 9AM Budapest,Erzs\\u00e9betliget Theatre Youth Concert with the Szent Istv\\u00e1n Philharmonic Orchestra More Info 18\\\/11\\\/26 9AM Budapest,J\\u00f3zsef Attila Cultural Centre Youth Concert with\",\"inLanguage\":\"hu-HU\",\"isPartOf\":{\"@id\":\"https:\\\/\\\/www.leventezsiros.com\\\/hu\\\/#website\"},\"breadcrumb\":{\"@id\":\"https:\\\/\\\/www.leventezsiros.com\\\/hu\\\/concerts\\\/#breadcrumblist\"},\"datePublished\":\"2025-06-18T22:25:12+02:00\",\"dateModified\":\"2026-06-08T16:07:03+02:00\"},{\"@type\":\"WebSite\",\"@id\":\"https:\\\/\\\/www.leventezsiros.com\\\/hu\\\/#website\",\"url\":\"https:\\\/\\\/www.leventezsiros.com\\\/hu\\\/\",\"name\":\"Levente Zsiros\",\"inLanguage\":\"hu-HU\",\"publisher\":{\"@id\":\"https:\\\/\\\/www.leventezsiros.com\\\/hu\\\/#organization\"}}]}\n\t\t<\/script>\n\t\t<!-- All in One SEO -->\n\n","aioseo_head_json":{"title":"Concerts - Levente Zsiros","description":"upcoming concerts 23\/09\/26 9AM Budapest,Szent Istv\u00e1n zeneh\u00e1z Youth Concert with the Szent Istv\u00e1n Philharmonic Orchestra More Info 24\/09\/26 9AM Budapest,Szent Istv\u00e1n zeneh\u00e1z Youth Concert with the Szent Istv\u00e1n Philharmonic Orchestra More Info 14\/10\/26 9AM Budapest,Erzs\u00e9betliget Theatre Youth Concert with the Szent Istv\u00e1n Philharmonic Orchestra More Info 18\/11\/26 9AM Budapest,J\u00f3zsef Attila Cultural Centre Youth Concert with","canonical_url":"https:\/\/www.leventezsiros.com\/hu\/concerts\/","robots":"max-image-preview:large","keywords":"","webmasterTools":{"miscellaneous":""},"schema":{"@context":"https:\/\/schema.org","@graph":[{"@type":"BreadcrumbList","@id":"https:\/\/www.leventezsiros.com\/hu\/concerts\/#breadcrumblist","itemListElement":[{"@type":"ListItem","@id":"https:\/\/www.leventezsiros.com\/hu#listItem","position":1,"name":"Home","item":"https:\/\/www.leventezsiros.com\/hu","nextItem":{"@type":"ListItem","@id":"https:\/\/www.leventezsiros.com\/hu\/concerts\/#listItem","name":"Concerts"}},{"@type":"ListItem","@id":"https:\/\/www.leventezsiros.com\/hu\/concerts\/#listItem","position":2,"name":"Concerts","previousItem":{"@type":"ListItem","@id":"https:\/\/www.leventezsiros.com\/hu#listItem","name":"Home"}}]},{"@type":"Organization","@id":"https:\/\/www.leventezsiros.com\/hu\/#organization","name":"Levente Zsiros","url":"https:\/\/www.leventezsiros.com\/hu\/"},{"@type":"WebPage","@id":"https:\/\/www.leventezsiros.com\/hu\/concerts\/#webpage","url":"https:\/\/www.leventezsiros.com\/hu\/concerts\/","name":"Concerts - Levente Zsiros","description":"upcoming concerts 23\/09\/26 9AM Budapest,Szent Istv\u00e1n zeneh\u00e1z Youth Concert with the Szent Istv\u00e1n Philharmonic Orchestra More Info 24\/09\/26 9AM Budapest,Szent Istv\u00e1n zeneh\u00e1z Youth Concert with the Szent Istv\u00e1n Philharmonic Orchestra More Info 14\/10\/26 9AM Budapest,Erzs\u00e9betliget Theatre Youth Concert with the Szent Istv\u00e1n Philharmonic Orchestra More Info 18\/11\/26 9AM Budapest,J\u00f3zsef Attila Cultural Centre Youth Concert with","inLanguage":"hu-HU","isPartOf":{"@id":"https:\/\/www.leventezsiros.com\/hu\/#website"},"breadcrumb":{"@id":"https:\/\/www.leventezsiros.com\/hu\/concerts\/#breadcrumblist"},"datePublished":"2025-06-18T22:25:12+02:00","dateModified":"2026-06-08T16:07:03+02:00"},{"@type":"WebSite","@id":"https:\/\/www.leventezsiros.com\/hu\/#website","url":"https:\/\/www.leventezsiros.com\/hu\/","name":"Levente Zsiros","inLanguage":"hu-HU","publisher":{"@id":"https:\/\/www.leventezsiros.com\/hu\/#organization"}}]},"og:locale":"hu_HU","og:site_name":"Levente Zsiros -","og:type":"article","og:title":"Concerts - Levente Zsiros","og:description":"upcoming concerts 23\/09\/26 9AM Budapest,Szent Istv\u00e1n zeneh\u00e1z Youth Concert with the Szent Istv\u00e1n Philharmonic Orchestra More Info 24\/09\/26 9AM Budapest,Szent Istv\u00e1n zeneh\u00e1z Youth Concert with the Szent Istv\u00e1n Philharmonic Orchestra More Info 14\/10\/26 9AM Budapest,Erzs\u00e9betliget Theatre Youth Concert with the Szent Istv\u00e1n Philharmonic Orchestra More Info 18\/11\/26 9AM Budapest,J\u00f3zsef Attila Cultural Centre Youth Concert with","og:url":"https:\/\/www.leventezsiros.com\/hu\/concerts\/","article:published_time":"2025-06-18T20:25:12+00:00","article:modified_time":"2026-06-08T14:07:03+00:00","twitter:card":"summary_large_image","twitter:title":"Concerts - Levente Zsiros","twitter:description":"upcoming concerts 23\/09\/26 9AM Budapest,Szent Istv\u00e1n zeneh\u00e1z Youth Concert with the Szent Istv\u00e1n Philharmonic Orchestra More Info 24\/09\/26 9AM Budapest,Szent Istv\u00e1n zeneh\u00e1z Youth Concert with the Szent Istv\u00e1n Philharmonic Orchestra More Info 14\/10\/26 9AM Budapest,Erzs\u00e9betliget Theatre Youth Concert with the Szent Istv\u00e1n Philharmonic Orchestra More Info 18\/11\/26 9AM Budapest,J\u00f3zsef Attila Cultural Centre Youth Concert with"},"aioseo_meta_data":{"post_id":"2151","title":null,"description":null,"keywords":null,"keyphrases":{"focus":{"keyphrase":"","score":0,"analysis":{"keyphraseInTitle":{"score":0,"maxScore":9,"error":1}}},"additional":[]},"primary_term":null,"canonical_url":null,"og_title":null,"og_description":null,"og_object_type":"default","og_image_type":"default","og_image_url":null,"og_image_width":null,"og_image_height":null,"og_image_custom_url":null,"og_image_custom_fields":null,"og_video":"","og_custom_url":null,"og_article_section":null,"og_article_tags":null,"twitter_use_og":false,"twitter_card":"default","twitter_image_type":"default","twitter_image_url":null,"twitter_image_custom_url":null,"twitter_image_custom_fields":null,"twitter_title":null,"twitter_description":null,"schema":{"blockGraphs":[],"customGraphs":[],"default":{"data":{"Article":[],"Course":[],"Dataset":[],"FAQPage":[],"Movie":[],"Person":[],"Product":[],"ProductReview":[],"Car":[],"Recipe":[],"Service":[],"SoftwareApplication":[],"WebPage":[]},"graphName":"WebPage","isEnabled":true},"graphs":[]},"schema_type":"default","schema_type_options":null,"pillar_content":false,"robots_default":true,"robots_noindex":false,"robots_noarchive":false,"robots_nosnippet":false,"robots_nofollow":false,"robots_noimageindex":false,"robots_noodp":false,"robots_notranslate":false,"robots_max_snippet":"-1","robots_max_videopreview":"-1","robots_max_imagepreview":"large","priority":null,"frequency":"default","local_seo":null,"breadcrumb_settings":null,"limit_modified_date":false,"ai":{"faqs":[],"keyPoints":[],"titles":[],"descriptions":[],"socialPosts":{"email":[],"linkedin":[],"twitter":[],"facebook":[],"instagram":[]}},"created":"2025-07-19 21:02:40","updated":"2026-07-26 14:46:04","seo_analyzer_scan_date":null},"aioseo_breadcrumb":"<div class=\"aioseo-breadcrumbs\"><span class=\"aioseo-breadcrumb\">\n\t\t\t<a href=\"https:\/\/www.leventezsiros.com\/hu\" title=\"Home\">Home<\/a>\n\t\t<\/span><span class=\"aioseo-breadcrumb-separator\">&raquo;<\/span><span class=\"aioseo-breadcrumb\">\n\t\t\tConcerts\n\t\t<\/span><\/div>","aioseo_breadcrumb_json":[{"label":"Home","link":"https:\/\/www.leventezsiros.com\/hu"},{"label":"Concerts","link":"https:\/\/www.leventezsiros.com\/hu\/concerts\/"}],"_links":{"self":[{"href":"https:\/\/www.leventezsiros.com\/hu\/wp-json\/wp\/v2\/pages\/2151","targetHints":{"allow":["GET"]}}],"collection":[{"href":"https:\/\/www.leventezsiros.com\/hu\/wp-json\/wp\/v2\/pages"}],"about":[{"href":"https:\/\/www.leventezsiros.com\/hu\/wp-json\/wp\/v2\/types\/page"}],"author":[{"embeddable":true,"href":"https:\/\/www.leventezsiros.com\/hu\/wp-json\/wp\/v2\/users\/1"}],"replies":[{"embeddable":true,"href":"https:\/\/www.leventezsiros.com\/hu\/wp-json\/wp\/v2\/comments?post=2151"}],"version-history":[{"count":242,"href":"https:\/\/www.leventezsiros.com\/hu\/wp-json\/wp\/v2\/pages\/2151\/revisions"}],"predecessor-version":[{"id":4386,"href":"https:\/\/www.leventezsiros.com\/hu\/wp-json\/wp\/v2\/pages\/2151\/revisions\/4386"}],"wp:attachment":[{"href":"https:\/\/www.leventezsiros.com\/hu\/wp-json\/wp\/v2\/media?parent=2151"}],"curies":[{"name":"wp","href":"https:\/\/api.w.org\/{rel}","templated":true}]}}